{"id":185,"date":"2020-06-23T13:50:51","date_gmt":"2020-06-23T11:50:51","guid":{"rendered":"http:\/\/www.steremat-afs.de\/wordpress\/?page_id=185"},"modified":"2023-12-08T14:46:06","modified_gmt":"2023-12-08T13:46:06","slug":"allgemeine-infos","status":"publish","type":"page","link":"https:\/\/www.steremat-afs.de\/wordpress\/angebote\/allgemeine-infos\/","title":{"rendered":"Allgemeine Infos"},"content":{"rendered":"\n<h3 class=\"has-text-align-center wp-block-heading\">Besch\u00e4ftigungsangebote<br>Allgemeine Informationen <\/h3>\n\n\n\n<p class=\"has-text-align-center has-large-font-size\">Eine Besch\u00e4ftigung ist nur f\u00fcr Arbeitslose m\u00f6glich, die eine Zuweisung \/ Vermittlung vom Jobcenter bzw. von der Agentur f\u00fcr Arbeit f\u00fcr ein Projekt im Bezirk ihres Wohnsitzes erhalten.<\/p>\n\n\n\n<p class=\"has-text-align-center has-large-font-size\">F\u00fcr die Besch\u00e4ftigung in unserem Unternehmen gibt es aktuell folgende F\u00f6rderinstrumente:<\/p>\n\n\n\n<hr class=\"wp-block-separator\"\/>\n\n\n\n<div class=\"wp-block-image\"><figure class=\"aligncenter size-large\"><img loading=\"lazy\" decoding=\"async\" width=\"1024\" height=\"685\" src=\"https:\/\/www.steremat-afs.de\/wordpress\/wp-content\/uploads\/2020\/09\/DSC_4362-1024x685.jpg\" alt=\"\" class=\"wp-image-999\" srcset=\"https:\/\/www.steremat-afs.de\/wordpress\/wp-content\/uploads\/2020\/09\/DSC_4362-1024x685.jpg 1024w, https:\/\/www.steremat-afs.de\/wordpress\/wp-content\/uploads\/2020\/09\/DSC_4362-300x201.jpg 300w, https:\/\/www.steremat-afs.de\/wordpress\/wp-content\/uploads\/2020\/09\/DSC_4362-768x514.jpg 768w, https:\/\/www.steremat-afs.de\/wordpress\/wp-content\/uploads\/2020\/09\/DSC_4362-1536x1028.jpg 1536w, https:\/\/www.steremat-afs.de\/wordpress\/wp-content\/uploads\/2020\/09\/DSC_4362-2048x1371.jpg 2048w, https:\/\/www.steremat-afs.de\/wordpress\/wp-content\/uploads\/2020\/09\/DSC_4362-1200x803.jpg 1200w, https:\/\/www.steremat-afs.de\/wordpress\/wp-content\/uploads\/2020\/09\/DSC_4362-1980x1325.jpg 1980w\" sizes=\"(max-width: 1024px) 100vw, 1024px\" \/><\/figure><\/div>\n\n\n\n<hr class=\"wp-block-separator\"\/>\n\n\n\n<p class=\"has-text-align-center has-larger-font-size\"><strong>Arbeitsgelegenheiten mit Mehraufwandsentsch\u00e4digung <\/strong><br><strong>nach \u00a7 16d SGB II (AGH mit MAE)<\/strong><\/p>\n\n\n\n<p class=\"has-large-font-size\">Arbeitsgelegenheiten sind Besch\u00e4ftigungen mit der vorrangigen Zielsetzung, einerseits die soziale Integration zu f\u00f6rdern als auch die Besch\u00e4ftigungsf\u00e4higkeit aufrecht zu erhalten oder wiederherzustellen. Durch die Arbeitsgelegenheit soll die Chance zur Integration in den regul\u00e4ren Arbeitsmarkt erh\u00f6ht werden. Sie hilft, Eignungs- und Interessenschwerpunkte zu erkennen. Damit wird die Grundlage f\u00fcr die Entwicklung einer Arbeitsaufnahme geschaffen.<\/p>\n\n\n\n<p class=\"has-large-font-size\">Die gesetzliche Grundlage f\u00fcr Arbeitsgelegenheiten ist \u00a7 16d SGB II, wonach durch die Schaffung von Arbeitsgelegenheiten kein sozialversicherungspflichtiges Arbeitsverh\u00e4ltnis entsteht. Es d\u00fcrfen keine regul\u00e4ren Besch\u00e4ftigungsverh\u00e4ltnisse verdr\u00e4ngt oder die Einrichtung neuer Arbeitspl\u00e4tze verhindert werden. Die geschaffenen Arbeitsgelegenheiten m\u00fcssen deshalb im \u00f6ffentlichen Interesse liegen, wettbewerbsneutral und zus\u00e4tzlich sein.<\/p>\n\n\n\n<p class=\"has-large-font-size\">Durch die Aus\u00fcbung der Arbeitsgelegenheit erh\u00e4lt die Teilnehmerin \/ der Teilnehmer zus\u00e4tzlich zur Grundsicherung und zur Zahlung der Sozialversicherungsbeitr\u00e4ge eine Mehraufwandsentsch\u00e4digung in H\u00f6he von derzeit 2,00 EUR pro Stunde. Nach Abschluss der Arbeitsgelegenheit erh\u00e4lt die Teilnehmerin \/ der Teilnehmer eine qualifizierte Teilnahmebescheinigung.<\/p>\n\n\n\n<p class=\"has-large-font-size\">Die Gesamtzeit der Arbeitsgelegenheit betr\u00e4gt mindestens 15 Stunden in der Woche und darf 30 Wochenstunden nicht \u00fcberschreiten. Die Arbeitsgelegenheiten sind nachrangig zu anderen Ma\u00dfnahmen wie Vermittlungs- und Qualifizierungsma\u00dfnahmen. Wir bieten eine Vielzahl von Arbeitsgelegenheiten in den unterschiedlichsten Einsatzfeldern und auch f\u00fcr besondere Zielgruppen (z.B. Menschen mit Suchtproblematik, psychischen Einschr\u00e4nkungen, Behinderungen).<\/p>\n\n\n\n<p class=\"has-large-font-size\">Alle Teilnehmerinnen und Teilnehmern unserer Projekte k\u00f6nnen durch unsere JobCoaches beraten und begleitet werden.<\/p>\n\n\n\n<hr class=\"wp-block-separator\"\/>\n\n\n\n<p class=\"has-larger-font-size\"><strong>F\u00f6rderung nach \u00a7 16i SGB II<\/strong><strong><\/strong><\/p>\n\n\n\n<h5 class=\"wp-block-heading\">Wer wird gef\u00f6rdert?<\/h5>\n\n\n\n<ul><li>Menschen, die in den letzten sieben Jahren mindestens sechs Jahre lang Leistungen nach dem SGB II bezogen haben.<\/li><li>Schwerbehinderte und Personen mit mindestens einem minderj\u00e4hrigen Kind in der Bedarfsgemeinschaft k\u00f6nnen nach 5 Jahren gef\u00f6rdert werden.<\/li><\/ul>\n\n\n\n<h5 class=\"wp-block-heading\">Wie hoch ist der Zuschuss zum Arbeitsentgelt?<\/h5>\n\n\n\n<ul><li>in den ersten zwei Jahren in H\u00f6he von 100 Prozent auf Grundlage des Tariflohns<\/li><li>ab dem dritten Jahr erfolgt eine j\u00e4hrliche Senkung um 10 Prozentpunkte<\/li><\/ul>\n\n\n\n<h5 class=\"wp-block-heading\">Was wird gef\u00f6rdert?<\/h5>\n\n\n\n<ul><li>alle sozialversicherungspflichtigen Arbeitsverh\u00e4ltnisse<\/li><li>\u00dcbernahme von Weiterbildungskosten w\u00e4hrend des Arbeitsverh\u00e4ltnisses in H\u00f6he von bis zu 3.000 Euro<\/li><\/ul>\n\n\n\n<h5 class=\"wp-block-heading\">Coaching:<\/h5>\n\n\n\n<ul><li>die Kosten einer besch\u00e4ftigungsbegleitenden Betreuung (Coaching) werden \u00fcbernommen<\/li><\/ul>\n\n\n\n<p class=\"has-large-font-size\">Wir f\u00fchren im Rahmen dieser F\u00f6rderung in verschiedenen Bezirken Projekte in Kooperation mit den jeweiligen Bezirks\u00e4mtern durch.<\/p>\n\n\n\n<hr class=\"wp-block-separator\"\/>\n\n\n\n<p class=\"has-larger-font-size\"><strong>F\u00f6rderung nach \u00a7 16e SGB II<\/strong><\/p>\n\n\n\n<h5 class=\"wp-block-heading\">Wer wird gef\u00f6rdert?<\/h5>\n\n\n\n<ul><li>Menschen, die seit mindestens zwei Jahren arbeitslos sind<\/li><\/ul>\n\n\n\n<h5 class=\"wp-block-heading\">Wie hoch ist der Zuschuss zum Arbeitsentgelt?<\/h5>\n\n\n\n<ul><li>im ersten Jahr in H\u00f6he von 75 Prozent<\/li><li>ab dem zweiten Jahr in H\u00f6he von 50 Prozent des regelm\u00e4\u00dfig gezahlten Arbeitsentgelts auf Basis tariflicher \/ orts\u00fcblicher Verg\u00fctung<\/li><\/ul>\n\n\n\n<h5 class=\"wp-block-heading\">Was wird gef\u00f6rdert?<\/h5>\n\n\n\n<ul><li>alle sozialversicherungspflichtigen Arbeitsverh\u00e4ltnisse<\/li><\/ul>\n\n\n\n<h5 class=\"wp-block-heading\">Coaching:<\/h5>\n\n\n\n<ul><li>die Kosten einer besch\u00e4ftigungsbegleitenden Betreuung (Coaching) werden \u00fcbernommen<\/li><\/ul>\n\n\n\n<hr class=\"wp-block-separator\"\/>\n\n\n\n<p class=\"has-larger-font-size\"><strong>Berliner Modellprojekt &#8211; Solidarisches Grundeinkommen<\/strong><\/p>\n\n\n\n<h5 class=\"wp-block-heading\">Gute Arbeit &#8211; Das bietet das Solidarische Grundeinkommen<\/h5>\n\n\n\n<p class=\"has-large-font-size\">Eine Besch\u00e4ftigung im Solidarischen Grundeinkommen (SGE) ist grunds\u00e4tzlich unbefristet. Bezahlt wird bei uns nach Mindestlohn. Ma\u00dfgeblich daf\u00fcr ist der Berliner Landesmindestlohn, der zum 17. Jul 2022 auf 13 Euro\/Stunde erh\u00f6ht wurde. SGE-Besch\u00e4ftigte, die nach Mindestlohn bezahlt werden, erhalten entsprechend ab 17. Jul 2022 ein Einkommen auf dieser Basis.<\/p>\n\n\n\n<p class=\"has-large-font-size\">Der Arbeitsplatz im SGE wird f\u00fcr f\u00fcnf Jahre vom Land Berlin gef\u00f6rdert. Zus\u00e4tzlich werden eine Begleitung und Fortbildung angeboten. Ziel ist der \u00dcbergang in eine regul\u00e4re, nicht gef\u00f6rderte Besch\u00e4ftigung. Gelingt das nicht, dann gew\u00e4hrleistet das Land Berlin die Weiterbesch\u00e4ftigung.<\/p>\n\n\n\n<h5 class=\"wp-block-heading\">Welche T\u00e4tigkeiten werden angeboten?<\/h5>\n\n\n\n<p class=\"has-large-font-size\">Beim Solidarischen Grundeinkommen ist vieles m\u00f6glich. Entscheidend ist, dass keine regul\u00e4re Besch\u00e4ftigung verdr\u00e4ngt wird. Das SGE soll au\u00dferdem einen zus\u00e4tzlichen Nutzen f\u00fcr die Berlinerinnen und Berliner bringen. Um das sicherzustellen, wurden bestimmte SGE-Einsatzfelder festgelegt. Wir sind in folgenden Einsatzfeldern t\u00e4tig:  <br>&#8211; Lotsendienst <br>&#8211; Umweltbildung und -information.<\/p>\n\n\n\n<h5 class=\"wp-block-heading\"><strong>Wer kann sich bewerben und wo?<\/strong><\/h5>\n\n\n\n<p class=\"has-large-font-size\">Sie sind mindestens ein Jahr und l\u00e4ngstens drei Jahre arbeitslos und bei einem Jobcenter gemeldet? Sie haben Interesse an einer sinnvollen T\u00e4tigkeit? Dann erf\u00fcllen Sie schon zwei Voraussetzungen f\u00fcr die Teilnahme am Solidarischen Grundeinkommen.<\/p>\n\n\n\n<p class=\"has-large-font-size\">Das Jobcenter, bei dem Sie Leistungen beziehen, ist die richtige Anlaufstelle f\u00fcr Sie. Es pr\u00fcft, ob Sie alle Bedingungen f\u00fcr eine Besch\u00e4ftigung im Rahmen des Solidarischen Grundeinkommens erf\u00fcllen und kann Ihnen passende Stellen vorschlagen. Vielleicht ist eine SGE-T\u00e4tigkeit dabei, auf die Sie sich bewerben m\u00f6chten.<\/p>\n\n\n\n<h5 class=\"wp-block-heading\">Freiwillige Teilnahme<\/h5>\n\n\n\n<p class=\"has-large-font-size\">Ganz wichtig: Die Teilnahme am Solidarischen Grundeinkommen ist freiwillig. Sie bewerben sich und Sie entscheiden, ob ein Jobangebot tats\u00e4chlich f\u00fcr Sie passt. Auch wenn Sie sich gegen eine Besch\u00e4ftigung im SGE entscheiden, m\u00fcssen Sie keine Sanktionen bef\u00fcrchten.<\/p>\n\n\n\n<hr class=\"wp-block-separator is-style-default\"\/>\n\n\n\n<div class=\"wp-block-image\"><figure class=\"aligncenter size-large\"><img loading=\"lazy\" decoding=\"async\" width=\"1024\" height=\"683\" src=\"https:\/\/www.steremat-afs.de\/wordpress\/wp-content\/uploads\/2020\/09\/Schaukelpferd_1-1024x683.jpg\" alt=\"\" class=\"wp-image-1000\" srcset=\"https:\/\/www.steremat-afs.de\/wordpress\/wp-content\/uploads\/2020\/09\/Schaukelpferd_1-1024x683.jpg 1024w, https:\/\/www.steremat-afs.de\/wordpress\/wp-content\/uploads\/2020\/09\/Schaukelpferd_1-300x200.jpg 300w, https:\/\/www.steremat-afs.de\/wordpress\/wp-content\/uploads\/2020\/09\/Schaukelpferd_1-768x512.jpg 768w, https:\/\/www.steremat-afs.de\/wordpress\/wp-content\/uploads\/2020\/09\/Schaukelpferd_1-1536x1025.jpg 1536w, https:\/\/www.steremat-afs.de\/wordpress\/wp-content\/uploads\/2020\/09\/Schaukelpferd_1-2048x1367.jpg 2048w, https:\/\/www.steremat-afs.de\/wordpress\/wp-content\/uploads\/2020\/09\/Schaukelpferd_1-1200x801.jpg 1200w, https:\/\/www.steremat-afs.de\/wordpress\/wp-content\/uploads\/2020\/09\/Schaukelpferd_1-1980x1321.jpg 1980w\" sizes=\"(max-width: 1024px) 100vw, 1024px\" \/><\/figure><\/div>\n\n\n\n<hr class=\"wp-block-separator\"\/>\n\n\n\n<p class=\"has-text-align-center has-large-font-size\">Hier geht es zu unserem <\/p>\n\n\n\n<div class=\"wp-block-buttons aligncenter is-layout-flex wp-block-buttons-is-layout-flex\">\n<div class=\"wp-block-button\"><a class=\"wp-block-button__link has-subtle-background-color has-text-color\" href=\"https:\/\/www.steremat-afs.de\/wordpress\/angebote\/coaching\/\" style=\"border-radius:50px\">Coaching<\/a><\/div>\n<\/div>\n\n\n\n<hr class=\"wp-block-separator\"\/>\n\n\n\n<p class=\"has-text-align-center has-large-font-size\">Und hier geht es weiter mit unseren<\/p>\n\n\n\n<div class=\"wp-block-buttons aligncenter is-layout-flex wp-block-buttons-is-layout-flex\">\n<div class=\"wp-block-button\"><a class=\"wp-block-button__link has-subtle-background-color has-text-color\" href=\"https:\/\/www.steremat-afs.de\/wordpress\/angebote\/massnahmen\/\" style=\"border-radius:50px\">Ma\u00dfnahmen<\/a><\/div>\n<\/div>\n\n\n\n<hr class=\"wp-block-separator\"\/>\n\n\n\n<p class=\"has-text-align-center has-large-font-size\">Sollten wir Ihr Interesse geweckt haben,<br>nehmen Sie <strong><a href=\"https:\/\/www.steremat-afs.de\/wordpress\/kontakt\/\">Kontakt<\/a><\/strong> auf.<\/p>\n","protected":false},"excerpt":{"rendered":"<p>Besch\u00e4ftigungsangeboteAllgemeine Informationen Eine Besch\u00e4ftigung ist nur f\u00fcr Arbeitslose m\u00f6glich, die eine Zuweisung \/ Vermittlung vom Jobcenter bzw. von der Agentur f\u00fcr Arbeit f\u00fcr ein Projekt im Bezirk ihres Wohnsitzes erhalten. F\u00fcr die Besch\u00e4ftigung in unserem Unternehmen gibt es aktuell folgende F\u00f6rderinstrumente: Arbeitsgelegenheiten mit Mehraufwandsentsch\u00e4digung nach \u00a7 16d SGB II (AGH mit MAE) Arbeitsgelegenheiten sind Besch\u00e4ftigungen [&hellip;]<\/p>\n","protected":false},"author":1,"featured_media":186,"parent":87,"menu_order":0,"comment_status":"closed","ping_status":"closed","template":"","meta":{"footnotes":""},"jetpack_sharing_enabled":true,"_links":{"self":[{"href":"https:\/\/www.steremat-afs.de\/wordpress\/wp-json\/wp\/v2\/pages\/185"}],"collection":[{"href":"https:\/\/www.steremat-afs.de\/wordpress\/wp-json\/wp\/v2\/pages"}],"about":[{"href":"https:\/\/www.steremat-afs.de\/wordpress\/wp-json\/wp\/v2\/types\/page"}],"author":[{"embeddable":true,"href":"https:\/\/www.steremat-afs.de\/wordpress\/wp-json\/wp\/v2\/users\/1"}],"replies":[{"embeddable":true,"href":"https:\/\/www.steremat-afs.de\/wordpress\/wp-json\/wp\/v2\/comments?post=185"}],"version-history":[{"count":26,"href":"https:\/\/www.steremat-afs.de\/wordpress\/wp-json\/wp\/v2\/pages\/185\/revisions"}],"predecessor-version":[{"id":2055,"href":"https:\/\/www.steremat-afs.de\/wordpress\/wp-json\/wp\/v2\/pages\/185\/revisions\/2055"}],"up":[{"embeddable":true,"href":"https:\/\/www.steremat-afs.de\/wordpress\/wp-json\/wp\/v2\/pages\/87"}],"wp:featuredmedia":[{"embeddable":true,"href":"https:\/\/www.steremat-afs.de\/wordpress\/wp-json\/wp\/v2\/media\/186"}],"wp:attachment":[{"href":"https:\/\/www.steremat-afs.de\/wordpress\/wp-json\/wp\/v2\/media?parent=185"}],"curies":[{"name":"wp","href":"https:\/\/api.w.org\/{rel}","templated":true}]}}